{"id":1100,"date":"2022-04-07T12:28:09","date_gmt":"2022-04-07T12:28:09","guid":{"rendered":"http:\/\/www.brda.it\/?page_id=1100"},"modified":"2023-04-20T09:06:10","modified_gmt":"2023-04-20T09:06:10","slug":"portfolio-5-2","status":"publish","type":"page","link":"https:\/\/www.brda.it\/","title":{"rendered":"Home"},"content":{"rendered":"<p>[vc_row full_width=&#8221;stretch_row_content_no_spaces&#8221; gap=&#8221;&#8221;][vc_column]<div class=\"vino-split-container show-for-large id_169f2e5bcac6c51706411177  \" data-autoplay=\"\" data-mouse-wheel=\"1\"><div class=\"vino-split-wrapper swiper-container split-left-container\"><div class=\"swiper-wrapper\"><div class=\"slide-left\" data-color=\"#ffffff\"><div class=\"vino-split-slide slide-text-wrapper\" data-color=\"\" style=\"color: ; background: \">\n\t\t<div class=\"slide-text\">\n\t\t<div class=\"slide-shadow-text\"><h1>Scopri la primavera a Brda<\/h1><\/div>\n\t\t<div class=\"slide-subtitle\"><div><span class=\"subheading\"><\/span><\/div><\/div>\n\t\t<div class=\"slide-title\"><h1 class=\"h3\">Scopri la primavera a Brda<\/h1><\/div>\n\t\t<div class=\"slide-desc\"><div>Trascorri momenti indimenticabili nella soleggiata Brda, scopri le splendide viste ad ogni passo, goditi la deliziosa cucina e dell&#8217;eccellente vino dei viticultori di Brda.<br \/>\nBenvenuta\/o a Brda!<\/div><\/div><div class=\"btn-container\"><a class=\"btn btn-outline btn-dark btn-md\" href=\"https:\/\/www.brda.it\/index.php\/scopri-la-primavera-a-brda\/\" target='_blank' data-btn-text=\"Scopri di pi\u00f9\"><span class=\"btn-text\">Scopri di pi\u00f9<\/span><\/a><\/div><\/div><\/div><\/div><div class=\"slide-left\" data-color=\"#ffffff\"><div class=\"vino-split-slide slide-img\"><div class=\"img-slide\" style=\"background-image: url(https:\/\/www.brda.it\/wp-content\/uploads\/2022\/04\/home1_brda-1024x683.jpg); height: 100vh; width: 50vw\"><\/div><\/div><\/div><div class=\"slide-left\" data-color=\"#ffffff\"><div class=\"vino-split-slide slide-text-wrapper\" data-color=\"\" style=\"color: ; background: \">\n\t\t<div class=\"slide-text\">\n\t\t<div class=\"slide-shadow-text\"><h1>L'arte culinaria e il vino di Brda\u2026 una vera festa per i sensi<\/h1><\/div>\n\t\t<div class=\"slide-subtitle\"><div><span class=\"subheading\"><\/span><\/div><\/div>\n\t\t<div class=\"slide-title\"><h1 class=\"h3\">L'arte culinaria e il vino di Brda\u2026 una vera festa per i sensi<\/h1><\/div>\n\t\t<div class=\"slide-desc\"><div>Quando prendiamo in mano i prodotti di Brda e li degustiamo, viviamo un intreccio di emozioni, ricordi, il patrimonio di secoli, quando in quest&#8217;area collinare si incrociavano le strade del mondo germanico, di quello latino e di quello slavo. Dalla natura nel piatto, 0 km, fresca e intrisa di tradizione ed esperienza delle nostre nonne. Permettete ai vostri sensi di vivere un&#8217;esplosione di sapori veraci!<\/div><\/div><div class=\"btn-container\"><a class=\"btn btn-outline btn-dark btn-md\" href=\"http:\/\/www.brda.it\/index.php\/arteculinaria\/\"  data-btn-text=\"Scopri di pi\u00f9\"><span class=\"btn-text\">Scopri di pi\u00f9<\/span><\/a><\/div><\/div><\/div><\/div><div class=\"slide-left\" data-color=\"#ffffff\"><div class=\"vino-split-slide slide-img\"><div class=\"img-slide\" style=\"background-image: url(https:\/\/www.brda.it\/wp-content\/uploads\/2022\/04\/home4_brda-1024x683.jpg); height: 100vh; width: 50vw\"><\/div><\/div><\/div><div class=\"slide-left\" data-color=\"#ffffff\"><div class=\"vino-split-slide slide-text-wrapper\" data-color=\"\" style=\"color: ; background: \">\n\t\t<div class=\"slide-text\">\n\t\t<div class=\"slide-shadow-text\"><h1>Experience Brda<\/h1><\/div>\n\t\t<div class=\"slide-subtitle\"><div><span class=\"subheading\"><\/span><\/div><\/div>\n\t\t<div class=\"slide-title\"><h1 class=\"h3\">Experience Brda<\/h1><\/div>\n\t\t<div class=\"slide-desc\"><div>Il territorio di Brda \u00e8 quel luogo in cui tutti i sensi danzano di entusiasmo e gioia. Attraverso tutte le stagioni, dalle terrazze innevate al biancore dei ciliegi in fiore, dal profumo delle pesche all&#8217;armonia delle viti appesantite dalle uve rimpolpate dal sole&#8230; Abbandonatevi al desiderio di scoprire il territorio di Brda in tutte le sue sfumature: con un safari vinaiolo in jeep, con l&#8217;e-bike o soltanto con il gusto e l&#8217;odorato attraverso degustazioni e laboratori&#8230;<\/div><\/div><div class=\"btn-container\"><a class=\"btn btn-outline btn-dark btn-md\" href=\"http:\/\/www.brda.it\/index.php\/experience\/\"  data-btn-text=\"Scopri di pi\u00f9\"><span class=\"btn-text\">Scopri di pi\u00f9<\/span><\/a><\/div><\/div><\/div><\/div><div class=\"slide-left\" data-color=\"#ffffff\"><div class=\"vino-split-slide slide-img\"><div class=\"img-slide\" style=\"background-image: url(https:\/\/www.brda.it\/wp-content\/uploads\/2022\/06\/venko_2-1024x683.jpg); height: 100vh; width: 50vw\"><\/div><\/div><\/div><div class=\"slide-left\" data-color=\"#ffffff\"><div class=\"vino-split-slide slide-text-wrapper\" data-color=\"\" style=\"color: ; background: \">\n\t\t<div class=\"slide-text\">\n\t\t<div class=\"slide-shadow-text\"><h1>Klet Brda<\/h1><\/div>\n\t\t<div class=\"slide-subtitle\"><div><span class=\"subheading\"><\/span><\/div><\/div>\n\t\t<div class=\"slide-title\"><h1 class=\"h3\">Klet Brda<\/h1><\/div>\n\t\t<div class=\"slide-desc\"><div>La cantina Klet Brda \u00e8 il maggior produttore ed esportatore di vini sloveni. Grazie al suo particolare stile ha saputo conquistarsi la stima di numerosi amanti del vino in Slovenia e in ben 26 paesi del mondo. La cantina riunisce 400 famiglie di viticoltori che da oltre mezzo secolo scrivono insieme la storia del successo della produzione vinicola nella regione di Brda.<\/div><\/div><\/div><\/div><\/div><\/div><\/div><\/div><\/p>\n<p>La nostra missione \u00e8 esprimere nel vino l\u2019eccezionalit\u00e0 del terroir di Gori\u0161ka Brda e favorire la commercializzazione per contribuire allo sviluppo della regione e al benessere dei suoi abitanti.<\/p>\n<p>Ogni giorno il nostro principio ispiratore \u00e8 il profondo rispetto della natura e dei suoi cicli, poich\u00e9 la qualit\u00e0 nasce nei vigneti.<div class=\"btn-container\"><a class=\"btn btn-outline btn-dark btn-md\" href=\"https:\/\/klet-brda.si\/en\/\" target='_blank' data-btn-text=\"Scopri di pi\u00f9\"><span class=\"btn-text\">Scopri di pi\u00f9<\/span><\/a><\/div><div class=\"vino-split-wrapper swiper-container split-right-container\"><div class=\"swiper-wrapper\"><div class=\"slide-right\" data-color=\"#ffffff\"><div class=\"vino-split-slide slide-img\"><div class=\"img-slide\" style=\"background-image: url(https:\/\/www.brda.it\/wp-content\/uploads\/2023\/03\/Klet-Brda_maceracija-1024x682.jpg); height: 100vh; width: 50vw\"><\/div><\/div><\/div><div class=\"slide-right\" data-color=\"#ffffff\"><div class=\"vino-split-slide slide-text-wrapper\" data-color=\"\" style=\"color: ; background: \">\n\t\t<div class=\"slide-text\">\n\t\t<div class=\"slide-shadow-text\"><h1>Venko<\/h1><\/div>\n\t\t<div class=\"slide-subtitle\"><div><span class=\"subheading\"><\/span><\/div><\/div>\n\t\t<div class=\"slide-title\"><h1 class=\"h3\">Venko<\/h1><\/div>\n\t\t<div class=\"slide-desc\"><div>Al Casin\u00f2 Venko vi aspettiamo con 200 slot machines e troverete sempre delle nuove promozioni, tanti premi e ognuno di voi pu\u00f2 tentare la fortuna. Tutto ci\u00f2 ha reso possibile un rapporto amichevole e personale tra noi e i nostri ospiti, un ambiente rilassante e ospitale dove con entusiasmo ci possiamo dedicare ad ogni singolo ospite. Questo \u00e8 diventato il nostro punto di forza.<br \/>\nNel cuore della regione viticola Gori\u0161ka Brda troverete il nostro grazioso Hotel con una attrezzata sala conferenze e un ristorante che vanta una cucina eccezionale. Gustare gli eccezionali piatti nel ristorante, diventer\u00e0 una favola se immergerete lo sguardo nella meravigliosa natura con i molteplici colori che offre il paesaggio.<\/div><\/div><div class=\"btn-container\"><a class=\"btn btn-outline btn-dark btn-md\" href=\"http:\/\/www.venko.si\/it\/\" target='_blank' data-btn-text=\"Scopri di pi\u00f9\"><span class=\"btn-text\">Scopri di pi\u00f9<\/span><\/a><\/div><\/div><\/div><\/div><div class=\"slide-right\" data-color=\"#ffffff\"><div class=\"vino-split-slide slide-img\"><div class=\"img-slide\" style=\"background-image: url(https:\/\/www.brda.it\/wp-content\/uploads\/2022\/04\/home5_brda-1024x683.jpg); height: 100vh; width: 50vw\"><\/div><\/div><\/div><div class=\"slide-right\" data-color=\"#ffffff\"><div class=\"vino-split-slide slide-text-wrapper\" data-color=\"\" style=\"color: ; background: \">\n\t\t<div class=\"slide-text\">\n\t\t<div class=\"slide-shadow-text\"><h1>Villa Vipol\u017ee<\/h1><\/div>\n\t\t<div class=\"slide-subtitle\"><div><span class=\"subheading\"><\/span><\/div><\/div>\n\t\t<div class=\"slide-title\"><h1 class=\"h3\">Villa Vipol\u017ee<\/h1><\/div>\n\t\t<div class=\"slide-desc\"><div>Scoprite la pi\u00f9 bella villa rinascimentale della Slovenia, dove in un&#8217;aura di favola e relax si intrecciano vissuti culturali, di business e personali. Matrimoni, incontri, feste private o soltanto serate in una cerchia di amici&#8230; nell&#8217;abbraccio di Brda e di cipressi centenari, i legami si intrecciano in un racconto affascinante.<\/div><\/div><div class=\"btn-container\"><a class=\"btn btn-outline btn-dark btn-md\" href=\"http:\/\/www.brda.it\/index.php\/villa\/\"  data-btn-text=\"Scopri di pi\u00f9\"><span class=\"btn-text\">Scopri di pi\u00f9<\/span><\/a><\/div><\/div><\/div><\/div><div class=\"slide-right\" data-color=\"#ffffff\"><div class=\"vino-split-slide slide-img\"><div class=\"img-slide\" style=\"background-image: url(https:\/\/www.brda.it\/wp-content\/uploads\/2022\/04\/home2_brda-1024x683.jpg); height: 100vh; width: 50vw\"><\/div><\/div><\/div><div class=\"slide-right\" data-color=\"#ffffff\"><div class=\"vino-split-slide slide-text-wrapper\" data-color=\"\" style=\"color: ; background: \">\n\t\t<div class=\"slide-text\">\n\t\t<div class=\"slide-shadow-text\"><h1>Brda ti coinvolge<\/h1><\/div>\n\t\t<div class=\"slide-subtitle\"><div><span class=\"subheading\"><\/span><\/div><\/div>\n\t\t<div class=\"slide-title\"><h1 class=\"h3\">Brda ti coinvolge<\/h1><\/div>\n\t\t<div class=\"slide-desc\"><div>Brda con i propri straordinari panorami a 360 gradi, dove lo sguardo raggiunge il mare Adriatico, le pianure friulane e le maestose montagne, non lascia indifferente nessuno.<\/div><\/div><\/div><\/div><\/div><\/div><\/div><\/p>\n<p>Ogni pezzetto di questo paesaggio pittoresco \u00e8 una storia a s\u00e9, che potrete vivere al meglio in bicicletta o a piedi. E le possibilit\u00e0 di vivere in maniera attiva questo magico paesaggio sono moltissime!<\/p>\n<p><img loading=\"lazy\" class=\"size-medium wp-image-1114 alignleft\" src=\"http:\/\/www.brda.it\/wp-content\/uploads\/2022\/04\/home_brda1_map-300x155.jpg\" alt=\"\" width=\"300\" height=\"155\" srcset=\"https:\/\/www.brda.it\/wp-content\/uploads\/2022\/04\/home_brda1_map-300x155.jpg 300w, https:\/\/www.brda.it\/wp-content\/uploads\/2022\/04\/home_brda1_map.jpg 338w\" sizes=\"(max-width: 300px) 100vw, 300px\" \/><div class=\"btn-container\"><a class=\"btn btn-outline btn-dark btn-md\" href=\"http:\/\/www.brda.it\/index.php\/collio\/\"  data-btn-text=\"Scopri di pi\u00f9\"><span class=\"btn-text\">Scopri di pi\u00f9<\/span><\/a><\/div><div class=\"slide-right\" data-color=\"#ffffff\"><div class=\"vino-split-slide slide-img\"><div class=\"img-slide\" style=\"background-image: url(https:\/\/www.brda.it\/wp-content\/uploads\/2023\/04\/smartno-primavera.png); height: 100vh; width: 50vw\"><\/div><\/div><\/div><div class=\"vino-split-pagination\"><\/div><div class=\"vino-split-counter show-for-large\"><div class=\"border-circle-hide\"><\/div><svg class=\"svgloader\" height=\"100\" width=\"100\">\n        <circle id=\"border-circle\" cx=\"50\" cy=\"50\" r=\"35\" stroke-width=\"2\" fill=\"transparent\" transform=\"rotate(-90, 50, 50)\"><\/circle>\n      <\/svg><div class=\"counter-animation\"><\/div><span class=\"split-index\"><\/span><span class=\"count-sep\">\/<\/span><span class=\"split-max\"><\/span><\/div><div class=\"vino-split-container-mobile hide-for-large id_169f2e5bcac6c51706411177  \"><div class=\"vino-split-slide slide-img\"><div class=\"img-slide\" style=\"background-image: url(https:\/\/www.brda.it\/wp-content\/uploads\/2023\/04\/smartno-primavera.png); height: 100vh; width: 50vw\"><\/div><\/div><div class=\"vino-split-slide slide-text-wrapper\" data-color=\"\" style=\"color: ; background: \">\n\t\t<div class=\"slide-text\">\n\t\t<div class=\"slide-shadow-text\"><h1>Scopri la primavera a Brda<\/h1><\/div>\n\t\t<div class=\"slide-subtitle\"><div><span class=\"subheading\"><\/span><\/div><\/div>\n\t\t<div class=\"slide-title\"><h1 class=\"h3\">Scopri la primavera a Brda<\/h1><\/div>\n\t\t<div class=\"slide-desc\"><div>Trascorri momenti indimenticabili nella soleggiata Brda, scopri le splendide viste ad ogni passo, goditi la deliziosa cucina e dell&#8217;eccellente vino dei viticultori di Brda.<br \/>\nBenvenuta\/o a Brda!<\/div><\/div><div class=\"btn-container\"><a class=\"btn btn-outline btn-dark btn-md\" href=\"https:\/\/www.brda.it\/index.php\/scopri-la-primavera-a-brda\/\" target='_blank' data-btn-text=\"Scopri di pi\u00f9\"><span class=\"btn-text\">Scopri di pi\u00f9<\/span><\/a><\/div><\/div><\/div><div class=\"vino-split-slide slide-img\"><div class=\"img-slide\" style=\"background-image: url(https:\/\/www.brda.it\/wp-content\/uploads\/2022\/04\/home1_brda-1024x683.jpg); height: 100vh; width: 50vw\"><\/div><\/div><div class=\"vino-split-slide slide-text-wrapper\" data-color=\"\" style=\"color: ; background: \">\n\t\t<div class=\"slide-text\">\n\t\t<div class=\"slide-shadow-text\"><h1>Brda ti coinvolge<\/h1><\/div>\n\t\t<div class=\"slide-subtitle\"><div><span class=\"subheading\"><\/span><\/div><\/div>\n\t\t<div class=\"slide-title\"><h1 class=\"h3\">Brda ti coinvolge<\/h1><\/div>\n\t\t<div class=\"slide-desc\"><div>Brda con i propri straordinari panorami a 360 gradi, dove lo sguardo raggiunge il mare Adriatico, le pianure friulane e le maestose montagne, non lascia indifferente nessuno.<\/div><\/div><\/div><\/div><\/div><\/p>\n<p>Ogni pezzetto di questo paesaggio pittoresco \u00e8 una storia a s\u00e9, che potrete vivere al meglio in bicicletta o a piedi. E le possibilit\u00e0 di vivere in maniera attiva questo magico paesaggio sono moltissime!<\/p>\n<p><img loading=\"lazy\" class=\"size-medium wp-image-1114 alignleft\" src=\"http:\/\/www.brda.it\/wp-content\/uploads\/2022\/04\/home_brda1_map-300x155.jpg\" alt=\"\" width=\"300\" height=\"155\" srcset=\"https:\/\/www.brda.it\/wp-content\/uploads\/2022\/04\/home_brda1_map-300x155.jpg 300w, https:\/\/www.brda.it\/wp-content\/uploads\/2022\/04\/home_brda1_map.jpg 338w\" sizes=\"(max-width: 300px) 100vw, 300px\" \/><div class=\"btn-container\"><a class=\"btn btn-outline btn-dark btn-md\" href=\"http:\/\/www.brda.it\/index.php\/collio\/\"  data-btn-text=\"Scopri di pi\u00f9\"><span class=\"btn-text\">Scopri di pi\u00f9<\/span><\/a><\/div><div class=\"vino-split-slide slide-img\"><div class=\"img-slide\" style=\"background-image: url(https:\/\/www.brda.it\/wp-content\/uploads\/2022\/04\/home2_brda-1024x683.jpg); height: 100vh; width: 50vw\"><\/div><\/div><div class=\"vino-split-slide slide-text-wrapper\" data-color=\"\" style=\"color: ; background: \">\n\t\t<div class=\"slide-text\">\n\t\t<div class=\"slide-shadow-text\"><h1>L'arte culinaria e il vino di Brda\u2026 una vera festa per i sensi<\/h1><\/div>\n\t\t<div class=\"slide-subtitle\"><div><span class=\"subheading\"><\/span><\/div><\/div>\n\t\t<div class=\"slide-title\"><h1 class=\"h3\">L'arte culinaria e il vino di Brda\u2026 una vera festa per i sensi<\/h1><\/div>\n\t\t<div class=\"slide-desc\"><div>Quando prendiamo in mano i prodotti di Brda e li degustiamo, viviamo un intreccio di emozioni, ricordi, il patrimonio di secoli, quando in quest&#8217;area collinare si incrociavano le strade del mondo germanico, di quello latino e di quello slavo. Dalla natura nel piatto, 0 km, fresca e intrisa di tradizione ed esperienza delle nostre nonne. Permettete ai vostri sensi di vivere un&#8217;esplosione di sapori veraci!<\/div><\/div><div class=\"btn-container\"><a class=\"btn btn-outline btn-dark btn-md\" href=\"http:\/\/www.brda.it\/index.php\/arteculinaria\/\"  data-btn-text=\"Scopri di pi\u00f9\"><span class=\"btn-text\">Scopri di pi\u00f9<\/span><\/a><\/div><\/div><\/div><div class=\"vino-split-slide slide-img\"><div class=\"img-slide\" style=\"background-image: url(https:\/\/www.brda.it\/wp-content\/uploads\/2022\/04\/home4_brda-1024x683.jpg); height: 100vh; width: 50vw\"><\/div><\/div><div class=\"vino-split-slide slide-text-wrapper\" data-color=\"\" style=\"color: ; background: \">\n\t\t<div class=\"slide-text\">\n\t\t<div class=\"slide-shadow-text\"><h1>Villa Vipol\u017ee<\/h1><\/div>\n\t\t<div class=\"slide-subtitle\"><div><span class=\"subheading\"><\/span><\/div><\/div>\n\t\t<div class=\"slide-title\"><h1 class=\"h3\">Villa Vipol\u017ee<\/h1><\/div>\n\t\t<div class=\"slide-desc\"><div>Scoprite la pi\u00f9 bella villa rinascimentale della Slovenia, dove in un&#8217;aura di favola e relax si intrecciano vissuti culturali, di business e personali. Matrimoni, incontri, feste private o soltanto serate in una cerchia di amici&#8230; nell&#8217;abbraccio di Brda e di cipressi centenari, i legami si intrecciano in un racconto affascinante.<\/div><\/div><div class=\"btn-container\"><a class=\"btn btn-outline btn-dark btn-md\" href=\"http:\/\/www.brda.it\/index.php\/villa\/\"  data-btn-text=\"Scopri di pi\u00f9\"><span class=\"btn-text\">Scopri di pi\u00f9<\/span><\/a><\/div><\/div><\/div><div class=\"vino-split-slide slide-img\"><div class=\"img-slide\" style=\"background-image: url(https:\/\/www.brda.it\/wp-content\/uploads\/2022\/04\/home5_brda-1024x683.jpg); height: 100vh; width: 50vw\"><\/div><\/div><div class=\"vino-split-slide slide-text-wrapper\" data-color=\"\" style=\"color: ; background: \">\n\t\t<div class=\"slide-text\">\n\t\t<div class=\"slide-shadow-text\"><h1>Experience Brda<\/h1><\/div>\n\t\t<div class=\"slide-subtitle\"><div><span class=\"subheading\"><\/span><\/div><\/div>\n\t\t<div class=\"slide-title\"><h1 class=\"h3\">Experience Brda<\/h1><\/div>\n\t\t<div class=\"slide-desc\"><div>Il territorio di Brda \u00e8 quel luogo in cui tutti i sensi danzano di entusiasmo e gioia. Attraverso tutte le stagioni, dalle terrazze innevate al biancore dei ciliegi in fiore, dal profumo delle pesche all&#8217;armonia delle viti appesantite dalle uve rimpolpate dal sole&#8230; Abbandonatevi al desiderio di scoprire il territorio di Brda in tutte le sue sfumature: con un safari vinaiolo in jeep, con l&#8217;e-bike o soltanto con il gusto e l&#8217;odorato attraverso degustazioni e laboratori&#8230;<\/div><\/div><div class=\"btn-container\"><a class=\"btn btn-outline btn-dark btn-md\" href=\"http:\/\/www.brda.it\/index.php\/experience\/\"  data-btn-text=\"Scopri di pi\u00f9\"><span class=\"btn-text\">Scopri di pi\u00f9<\/span><\/a><\/div><\/div><\/div><div class=\"vino-split-slide slide-img\"><div class=\"img-slide\" style=\"background-image: url(https:\/\/www.brda.it\/wp-content\/uploads\/2022\/06\/venko_2-1024x683.jpg); height: 100vh; width: 50vw\"><\/div><\/div><div class=\"vino-split-slide slide-text-wrapper\" data-color=\"\" style=\"color: ; background: \">\n\t\t<div class=\"slide-text\">\n\t\t<div class=\"slide-shadow-text\"><h1>Venko<\/h1><\/div>\n\t\t<div class=\"slide-subtitle\"><div><span class=\"subheading\"><\/span><\/div><\/div>\n\t\t<div class=\"slide-title\"><h1 class=\"h3\">Venko<\/h1><\/div>\n\t\t<div class=\"slide-desc\"><div>Al Casin\u00f2 Venko vi aspettiamo con 200 slot machines e troverete sempre delle nuove promozioni, tanti premi e ognuno di voi pu\u00f2 tentare la fortuna. Tutto ci\u00f2 ha reso possibile un rapporto amichevole e personale tra noi e i nostri ospiti, un ambiente rilassante e ospitale dove con entusiasmo ci possiamo dedicare ad ogni singolo ospite. Questo \u00e8 diventato il nostro punto di forza.<br \/>\nNel cuore della regione viticola Gori\u0161ka Brda troverete il nostro grazioso Hotel con una attrezzata sala conferenze e un ristorante che vanta una cucina eccezionale. Gustare gli eccezionali piatti nel ristorante, diventer\u00e0 una favola se immergerete lo sguardo nella meravigliosa natura con i molteplici colori che offre il paesaggio.<\/div><\/div><div class=\"btn-container\"><a class=\"btn btn-outline btn-dark btn-md\" href=\"http:\/\/www.venko.si\/it\/\" target='_blank' data-btn-text=\"Scopri di pi\u00f9\"><span class=\"btn-text\">Scopri di pi\u00f9<\/span><\/a><\/div><\/div><\/div><div class=\"vino-split-slide slide-img\"><div class=\"img-slide\" style=\"background-image: url(https:\/\/www.brda.it\/wp-content\/uploads\/2023\/03\/Klet-Brda_maceracija-1024x682.jpg); height: 100vh; width: 50vw\"><\/div><\/div><div class=\"vino-split-slide slide-text-wrapper\" data-color=\"\" style=\"color: ; background: \">\n\t\t<div class=\"slide-text\">\n\t\t<div class=\"slide-shadow-text\"><h1>Klet Brda<\/h1><\/div>\n\t\t<div class=\"slide-subtitle\"><div><span class=\"subheading\"><\/span><\/div><\/div>\n\t\t<div class=\"slide-title\"><h1 class=\"h3\">Klet Brda<\/h1><\/div>\n\t\t<div class=\"slide-desc\"><div>La cantina Klet Brda \u00e8 il maggior produttore ed esportatore di vini sloveni. Grazie al suo particolare stile ha saputo conquistarsi la stima di numerosi amanti del vino in Slovenia e in ben 26 paesi del mondo. La cantina riunisce 400 famiglie di viticoltori che da oltre mezzo secolo scrivono insieme la storia del successo della produzione vinicola nella regione di Brda.<\/div><\/div><\/div><\/div><\/p>\n<p>La nostra missione \u00e8 esprimere nel vino l\u2019eccezionalit\u00e0 del terroir di Gori\u0161ka Brda e favorire la commercializzazione per contribuire allo sviluppo della regione e al benessere dei suoi abitanti.<\/p>\n<p>Ogni giorno il nostro principio ispiratore \u00e8 il profondo rispetto della natura e dei suoi cicli, poich\u00e9 la qualit\u00e0 nasce nei vigneti.<div class=\"btn-container\"><a class=\"btn btn-outline btn-dark btn-md\" href=\"https:\/\/klet-brda.si\/en\/\" target='_blank' data-btn-text=\"Scopri di pi\u00f9\"><span class=\"btn-text\">Scopri di pi\u00f9<\/span><\/a><\/div>[\/vc_column][\/vc_row][vc_row full_width=&#8221;stretch_row_content_no_spaces&#8221; gap=&#8221;&#8221; disable_element=&#8221;yes&#8221;][vc_column]<div class=\"vino-split-container show-for-large id_169f2e5bcad526754098385  \" data-autoplay=\"\" data-mouse-wheel=\"1\"><div class=\"vino-split-wrapper swiper-container split-left-container\"><div class=\"swiper-wrapper\"><div class=\"slide-left\" data-color=\"#ffffff\"><div class=\"vino-split-slide slide-text-wrapper\" data-color=\"\" style=\"color: ; background: \">\n\t\t<div class=\"slide-text\">\n\t\t<div class=\"slide-shadow-text\"><h1>La Festa di San Martino a \u0160martno<\/h1><\/div>\n\t\t<div class=\"slide-subtitle\"><div><span class=\"subheading\"><\/span><\/div><\/div>\n\t\t<div class=\"slide-title\"><h1 class=\"h3\">La Festa di San Martino a \u0160martno<\/h1><\/div>\n\t\t<div class=\"slide-desc\"><div>La Festa di San Martino 2022 si svolger\u00e0 quest&#8217;anno il 12 e 13 novembre 2022.<\/div><\/div><\/div><\/div><\/div><\/div><\/div><\/div><\/p>\n<p>Festeggia con noi nel borgo medievale di \u0160martno.<div class=\"btn-container\"><a class=\"btn btn-outline btn-dark btn-md\" href=\"https:\/\/www.brda.it\/index.php\/festa-di-san-martino-a-smartno\/\"  data-btn-text=\"Scopri di pi\u00f9\"><span class=\"btn-text\">Scopri di pi\u00f9<\/span><\/a><\/div><div class=\"slide-left\" data-color=\"#ffffff\"><div class=\"vino-split-slide slide-img\"><div class=\"img-slide\" style=\"background-image: url(https:\/\/www.brda.it\/wp-content\/uploads\/2022\/10\/brda-jesen01-1024x818.jpg); height: 100vh; width: 50vw\"><\/div><\/div><\/div><div class=\"vino-split-wrapper swiper-container split-right-container\"><div class=\"swiper-wrapper\"><div class=\"slide-right\" data-color=\"#ffffff\"><div class=\"vino-split-slide slide-text-wrapper\" data-color=\"\" style=\"color: ; background: \">\n\t\t<div class=\"slide-text\">\n\t\t<div class=\"slide-shadow-text\"><h1>Scopri l'autunno a Brda<\/h1><\/div>\n\t\t<div class=\"slide-subtitle\"><div><span class=\"subheading\"><\/span><\/div><\/div>\n\t\t<div class=\"slide-title\"><h1 class=\"h3\">Scopri l'autunno a Brda<\/h1><\/div>\n\t\t<div class=\"slide-desc\"><div>Gori\u0161ka Brda, un paradiso per gli amanti dei bei panorami, delle vacanze attive, dell&#8217;ottimo vino e della cucina.<\/div><\/div><div class=\"btn-container\"><a class=\"btn btn-outline btn-dark btn-md\" href=\"https:\/\/www.brda.it\/index.php\/autunno-brda\/\"  data-btn-text=\"Scopri di pi\u00f9\"><span class=\"btn-text\">Scopri di pi\u00f9<\/span><\/a><\/div><\/div><\/div><\/div><div class=\"slide-right\" data-color=\"#ffffff\"><div class=\"vino-split-slide slide-img\"><div class=\"img-slide\" style=\"background-image: url(https:\/\/www.brda.it\/wp-content\/uploads\/2022\/10\/Martionovo-2019-202-of-357-1024x683.jpg); height: 100vh; width: 50vw\"><\/div><\/div><\/div><\/div><\/div><div class=\"vino-split-pagination\"><\/div><div class=\"vino-split-counter show-for-large\"><div class=\"border-circle-hide\"><\/div><svg class=\"svgloader\" height=\"100\" width=\"100\">\n        <circle id=\"border-circle\" cx=\"50\" cy=\"50\" r=\"35\" stroke-width=\"2\" fill=\"transparent\" transform=\"rotate(-90, 50, 50)\"><\/circle>\n      <\/svg><div class=\"counter-animation\"><\/div><span class=\"split-index\"><\/span><span class=\"count-sep\">\/<\/span><span class=\"split-max\"><\/span><\/div><div class=\"vino-split-container-mobile hide-for-large id_169f2e5bcad526754098385  \"><div class=\"vino-split-slide slide-img\"><div class=\"img-slide\" style=\"background-image: url(https:\/\/www.brda.it\/wp-content\/uploads\/2022\/10\/Martionovo-2019-202-of-357-1024x683.jpg); height: 100vh; width: 50vw\"><\/div><\/div><div class=\"vino-split-slide slide-text-wrapper\" data-color=\"\" style=\"color: ; background: \">\n\t\t<div class=\"slide-text\">\n\t\t<div class=\"slide-shadow-text\"><h1>La Festa di San Martino a \u0160martno<\/h1><\/div>\n\t\t<div class=\"slide-subtitle\"><div><span class=\"subheading\"><\/span><\/div><\/div>\n\t\t<div class=\"slide-title\"><h1 class=\"h3\">La Festa di San Martino a \u0160martno<\/h1><\/div>\n\t\t<div class=\"slide-desc\"><div>La Festa di San Martino 2022 si svolger\u00e0 quest&#8217;anno il 12 e 13 novembre 2022.<\/div><\/div><\/div><\/div><\/div><\/p>\n<p>Festeggia con noi nel borgo medievale di \u0160martno.<div class=\"btn-container\"><a class=\"btn btn-outline btn-dark btn-md\" href=\"https:\/\/www.brda.it\/index.php\/festa-di-san-martino-a-smartno\/\"  data-btn-text=\"Scopri di pi\u00f9\"><span class=\"btn-text\">Scopri di pi\u00f9<\/span><\/a><\/div><div class=\"vino-split-slide slide-img\"><div class=\"img-slide\" style=\"background-image: url(https:\/\/www.brda.it\/wp-content\/uploads\/2022\/10\/brda-jesen01-1024x818.jpg); height: 100vh; width: 50vw\"><\/div><\/div><div class=\"vino-split-slide slide-text-wrapper\" data-color=\"\" style=\"color: ; background: \">\n\t\t<div class=\"slide-text\">\n\t\t<div class=\"slide-shadow-text\"><h1>Scopri l'autunno a Brda<\/h1><\/div>\n\t\t<div class=\"slide-subtitle\"><div><span class=\"subheading\"><\/span><\/div><\/div>\n\t\t<div class=\"slide-title\"><h1 class=\"h3\">Scopri l'autunno a Brda<\/h1><\/div>\n\t\t<div class=\"slide-desc\"><div>Gori\u0161ka Brda, un paradiso per gli amanti dei bei panorami, delle vacanze attive, dell&#8217;ottimo vino e della cucina.<\/div><\/div><div class=\"btn-container\"><a class=\"btn btn-outline btn-dark btn-md\" href=\"https:\/\/www.brda.it\/index.php\/autunno-brda\/\"  data-btn-text=\"Scopri di pi\u00f9\"><span class=\"btn-text\">Scopri di pi\u00f9<\/span><\/a><\/div><\/div><\/div>[\/vc_column][\/vc_row]<\/p>\n","protected":false},"excerpt":{"rendered":"<p>[vc_row full_width=&#8221;stretch_row_content_no_spaces&#8221; gap=&#8221;&#8221;][vc_column][\/vc_column][\/vc_row][vc_row full_width=&#8221;stretch_row_content_no_spaces&#8221; gap=&#8221;&#8221; disable_element=&#8221;yes&#8221;][vc_column][\/vc_column][\/vc_row]<\/p>\n","protected":false},"author":2,"featured_media":0,"parent":0,"menu_order":0,"comment_status":"closed","ping_status":"closed","template":"","meta":{"_mi_skip_tracking":false},"_links":{"self":[{"href":"https:\/\/www.brda.it\/index.php\/wp-json\/wp\/v2\/pages\/1100"}],"collection":[{"href":"https:\/\/www.brda.it\/index.php\/wp-json\/wp\/v2\/pages"}],"about":[{"href":"https:\/\/www.brda.it\/index.php\/wp-json\/wp\/v2\/types\/page"}],"author":[{"embeddable":true,"href":"https:\/\/www.brda.it\/index.php\/wp-json\/wp\/v2\/users\/2"}],"replies":[{"embeddable":true,"href":"https:\/\/www.brda.it\/index.php\/wp-json\/wp\/v2\/comments?post=1100"}],"version-history":[{"count":39,"href":"https:\/\/www.brda.it\/index.php\/wp-json\/wp\/v2\/pages\/1100\/revisions"}],"predecessor-version":[{"id":1418,"href":"https:\/\/www.brda.it\/index.php\/wp-json\/wp\/v2\/pages\/1100\/revisions\/1418"}],"wp:attachment":[{"href":"https:\/\/www.brda.it\/index.php\/wp-json\/wp\/v2\/media?parent=1100"}],"curies":[{"name":"wp","href":"https:\/\/api.w.org\/{rel}","templated":true}]}}